{"id":293,"date":"2012-12-07T19:37:13","date_gmt":"2012-12-07T17:37:13","guid":{"rendered":"http:\/\/www.ostsee-ferien-rerik.de\/?page_id=293"},"modified":"2016-07-10T18:23:00","modified_gmt":"2016-07-10T16:23:00","slug":"bilder-der-villa","status":"publish","type":"page","link":"http:\/\/www.ostsee-ferien-rerik.de\/?page_id=293","title":{"rendered":"VILLA SEEADLER"},"content":{"rendered":"<p>&nbsp;<\/p>\n<p><span style=\"color: #333333;\"><a href=\"http:\/\/www.ostsee-ferien-rerik.de\/?attachment_id=93\" rel=\"attachment wp-att-93\"><img decoding=\"async\" loading=\"lazy\" class=\"alignnone size-medium wp-image-93\" title=\"Villa Seeadler\" src=\"http:\/\/www.ostsee-ferien-rerik.de\/wp-content\/uploads\/Villa-Seeadler-300x236.jpg\" alt=\"\" width=\"300\" height=\"236\" \/><\/a>\u00a0<a href=\"http:\/\/www.ostsee-ferien-rerik.de\/?attachment_id=213\" rel=\"attachment wp-att-213\"><img decoding=\"async\" loading=\"lazy\" class=\"alignnone size-medium wp-image-213\" title=\"Hinteransicht\" src=\"http:\/\/www.ostsee-ferien-rerik.de\/wp-content\/uploads\/Hinteransicht-300x225.jpg\" alt=\"\" width=\"300\" height=\"225\" srcset=\"http:\/\/www.ostsee-ferien-rerik.de\/wp-content\/uploads\/Hinteransicht-300x225.jpg 300w, http:\/\/www.ostsee-ferien-rerik.de\/wp-content\/uploads\/Hinteransicht-1024x768.jpg 1024w\" sizes=\"(max-width: 300px) 100vw, 300px\" \/><\/a><br \/>\n<\/span>Villa &#8222;Seeadler&#8220; Vorderansicht\u00a0\u00a0\u00a0\u00a0\u00a0\u00a0\u00a0\u00a0\u00a0\u00a0\u00a0\u00a0\u00a0\u00a0\u00a0\u00a0\u00a0\u00a0\u00a0\u00a0\u00a0\u00a0\u00a0Villa &#8222;Seeadler&#8220; R\u00fcckansicht<\/p>\n<ul>\n<li>Die Villa \u201eSeeadler\u201c liegt in der Seestra\u00dfe. Eine<strong> ruhige<\/strong> Anliegerstra\u00dfe <strong>ohne Durchgangsverkehr<\/strong> die <strong>direkten Zugang zum Strand<\/strong> bietet.<\/li>\n<li>Nur durch ein kleines K\u00fcstenw\u00e4ldchen ist man in einer Minute am<strong> sch\u00f6nen Sandstrand<\/strong> der <strong>Steilk\u00fcste<\/strong>. Ganz nahebei gibt es <strong>2 Strandabg\u00e4nge<\/strong>.<\/li>\n<li>Die Kinder k\u00f6nnen sich auf zwei <strong>Abenteuerspielpl\u00e4tzen<\/strong> in der N\u00e4he tummeln.<\/li>\n<li>Auf der gro\u00dfen <strong>Spiel- und Liegewiese<\/strong> hinter dem Geb\u00e4ude k\u00f6nnen Sie hervorragend Federball und Boule spielen. Es gibt eine <strong>sch\u00f6ne Sitzecke<\/strong>. Hier k\u00f6nnen Sie K\u00f6stliches auf dem <strong>Holzkohlegrill<\/strong> zubereiten und genie\u00dfen.<\/li>\n<li>Der <strong>Ortskern<\/strong>, die <strong>Seebr\u00fccke<\/strong> und das <strong>Salzhaff mit <\/strong>dem<strong> Hafen<\/strong> sind in <strong>wenigen Gehminuten<\/strong> zu erreichen.<\/li>\n<li>Alle <strong>Einkaufsm\u00f6glichkeiten<\/strong> wie z.B. Superm\u00e4rkte, einen B\u00e4cker, einen Fleischer, einen leckeren Fischverkauf, eine Apotheke, \u00c4rzte, ein Drogeriemarkt, eine Bank und <strong>viele Freizeitm\u00f6glichkeiten<\/strong> finden Sie <strong>fu\u00dfl\u00e4ufig.<\/strong><\/li>\n<li>Die <strong>Rad- und Wanderwege<\/strong> beginnen praktisch vor der Haust\u00fcr.<\/li>\n<\/ul>\n<p><span style=\"color: #333333;\"><strong>SAUNA<\/strong><\/span><\/p>\n<p><span style=\"color: #333333;\"><a href=\"http:\/\/www.ostsee-ferien-rerik.de\/?attachment_id=104\" rel=\"attachment wp-att-104\"><img decoding=\"async\" loading=\"lazy\" class=\"alignnone size-medium wp-image-104\" title=\"Sauna\" src=\"http:\/\/www.ostsee-ferien-rerik.de\/wp-content\/uploads\/Sauna-300x230.jpg\" alt=\"\" width=\"300\" height=\"230\" srcset=\"http:\/\/www.ostsee-ferien-rerik.de\/wp-content\/uploads\/Sauna-300x230.jpg 300w, http:\/\/www.ostsee-ferien-rerik.de\/wp-content\/uploads\/Sauna-1024x786.jpg 1024w\" sizes=\"(max-width: 300px) 100vw, 300px\" \/><\/a>\u00a0 Der sch\u00f6ne Ruhebereich.<\/span><\/p>\n<ul>\n<li>Nach einem ausgedehnten Spaziergang an der <strong>wildromantischen Steilk\u00fcste<\/strong> ist ein Besuch der <strong>finnischen Sauna <\/strong>ein besonderes Vergn\u00fcgen. Diese liegt im Obergeschoss der 2st\u00f6ckigen Villa. Ein gut ausgestatteter <strong>Dusch- und Sanit\u00e4rbereich<\/strong> und ein sehr <strong>gro\u00dfz\u00fcgigier Ruheraum <\/strong>laden zum Erholen ein. Zus\u00e4tze f\u00fcr Saunaaufg\u00fcsse bringen Sie bitte mit! Saunanutzung: 7 Minuten = 1 \u20ac (M\u00fcnzautomat)<\/li>\n<li>Ist mal W\u00e4sche angefallen, gibt es im Kellerraum des Hauses eine <strong>Waschmaschine<\/strong> und einen <strong>Trockner<\/strong>. (M\u00fcnzautomat)<\/li>\n<\/ul>\n<p><a href=\"http:\/\/www.ostsee-ferien-rerik.de\/?attachment_id=224\" rel=\"attachment wp-att-224\"><img decoding=\"async\" loading=\"lazy\" class=\"alignnone size-thumbnail wp-image-224\" title=\"Tiefgarageneinfahrt\" src=\"http:\/\/www.ostsee-ferien-rerik.de\/wp-content\/uploads\/Tiefgarageneinfahrt-150x150.jpg\" alt=\"\" width=\"150\" height=\"150\" \/><\/a>\u00a0<a href=\"http:\/\/www.ostsee-ferien-rerik.de\/?attachment_id=223\" rel=\"attachment wp-att-223\"><img decoding=\"async\" loading=\"lazy\" class=\"alignnone size-thumbnail wp-image-223\" title=\"Tiefgarage\" src=\"http:\/\/www.ostsee-ferien-rerik.de\/wp-content\/uploads\/Tiefgarage-150x150.jpg\" alt=\"\" width=\"150\" height=\"150\" \/><\/a><br \/>\nDie Einfahrt zur Tiefgarage.<\/p>\n<ul>\n<li>Ein eigener <strong>Tiefgaragenplatz<\/strong> Nr. 4 (Durchfahrtsh\u00f6he 2,0 m) ist in Rerik zweckm\u00e4\u00dfig.<\/li>\n<\/ul>\n<h3><span style=\"color: #333333;\"><strong>LAGE DER FERIENWOHNUNG<\/strong><\/span><\/h3>\n<p><iframe loading=\"lazy\" src=\"http:\/\/maps.google.de\/maps?f=q&amp;source=s_q&amp;hl=de&amp;geocode=&amp;q=18230+Rerik,+Seestra%C3%9Fe+3&amp;aq=&amp;sll=52.506844,13.424732&amp;sspn=0.551678,1.674042&amp;t=m&amp;ie=UTF8&amp;hq=&amp;hnear=Seestra%C3%9Fe+3,+18230+Rerik,+Mecklenburg-Vorpommern&amp;ll=54.107758,11.61399&amp;spn=0.016606,0.052314&amp;z=14&amp;output=embed\" width=\"425\" height=\"350\" frameborder=\"0\" marginwidth=\"0\" marginheight=\"0\" scrolling=\"no\"><\/iframe><br \/>\n<small><a style=\"color: #0000ff; text-align: left;\" href=\"http:\/\/maps.google.de\/maps?f=q&amp;source=embed&amp;hl=de&amp;geocode=&amp;q=18230+Rerik,+Seestra%C3%9Fe+3&amp;aq=&amp;sll=52.506844,13.424732&amp;sspn=0.551678,1.674042&amp;t=m&amp;ie=UTF8&amp;hq=&amp;hnear=Seestra%C3%9Fe+3,+18230+Rerik,+Mecklenburg-Vorpommern&amp;ll=54.107758,11.61399&amp;spn=0.016606,0.052314&amp;z=14\">Gr\u00f6\u00dfere Kartenansicht<\/a><\/small><\/p>\n<p><strong>Adresse:<\/strong> <span style=\"color: #333333;\">Seestra\u00dfe<\/span> 3, 18230 Rerik<\/p>\n<ul>\n<li>N\u00e4chster Flughafen : Rostock-Laage in 55 Kilometer<\/li>\n<li>N\u00e4chster F\u00e4hrhafen : Rostock-Warnem\u00fcnde in 35 Kilometer<\/li>\n<li>N\u00e4chster Bahnhof : Kr\u00f6pelin in 14 km \/ Neubukow in 15 Kilometer<\/li>\n<li>N\u00e4chste Autobahnabfahrt : Kr\u00f6pelin\/K\u00fchlungsborn (A20) in 30 Kilometer<\/li>\n<li>N\u00e4chster Strand : Badestrand in 80 Meter<\/li>\n<li>N\u00e4chster Golfplatz : Ostsee Golf Resort Wittenbeck in 15 Kilometer<\/li>\n<li>N\u00e4chstes Restaurant : in 150 Meter<\/li>\n<li>Auto: nicht notwendig<\/li>\n<\/ul>\n<p><span style=\"color: #000000;\">Hinweise\u00a0unter Anreise!<\/span><\/p>\n","protected":false},"excerpt":{"rendered":"<p>&nbsp; \u00a0 Villa &#8222;Seeadler&#8220; Vorderansicht\u00a0\u00a0\u00a0\u00a0\u00a0\u00a0\u00a0\u00a0\u00a0\u00a0\u00a0\u00a0\u00a0\u00a0\u00a0\u00a0\u00a0\u00a0\u00a0\u00a0\u00a0\u00a0\u00a0Villa &#8222;Seeadler&#8220; R\u00fcckansicht Die Villa \u201eSeeadler\u201c liegt in der Seestra\u00dfe. Eine ruhige Anliegerstra\u00dfe ohne Durchgangsverkehr die direkten Zugang zum Strand bietet. Nur durch ein kleines K\u00fcstenw\u00e4ldchen ist man in einer Minute am sch\u00f6nen Sandstrand der Steilk\u00fcste. Ganz nahebei gibt es 2 Strandabg\u00e4nge. Die Kinder k\u00f6nnen sich auf zwei Abenteuerspielpl\u00e4tzen in der [&hellip;]<\/p>\n","protected":false},"author":1,"featured_media":0,"parent":0,"menu_order":0,"comment_status":"closed","ping_status":"closed","template":"onecolumn-page.php","meta":{"footnotes":""},"_links":{"self":[{"href":"http:\/\/www.ostsee-ferien-rerik.de\/index.php?rest_route=\/wp\/v2\/pages\/293"}],"collection":[{"href":"http:\/\/www.ostsee-ferien-rerik.de\/index.php?rest_route=\/wp\/v2\/pages"}],"about":[{"href":"http:\/\/www.ostsee-ferien-rerik.de\/index.php?rest_route=\/wp\/v2\/types\/page"}],"author":[{"embeddable":true,"href":"http:\/\/www.ostsee-ferien-rerik.de\/index.php?rest_route=\/wp\/v2\/users\/1"}],"replies":[{"embeddable":true,"href":"http:\/\/www.ostsee-ferien-rerik.de\/index.php?rest_route=%2Fwp%2Fv2%2Fcomments&post=293"}],"version-history":[{"count":26,"href":"http:\/\/www.ostsee-ferien-rerik.de\/index.php?rest_route=\/wp\/v2\/pages\/293\/revisions"}],"predecessor-version":[{"id":550,"href":"http:\/\/www.ostsee-ferien-rerik.de\/index.php?rest_route=\/wp\/v2\/pages\/293\/revisions\/550"}],"wp:attachment":[{"href":"http:\/\/www.ostsee-ferien-rerik.de\/index.php?rest_route=%2Fwp%2Fv2%2Fmedia&parent=293"}],"curies":[{"name":"wp","href":"https:\/\/api.w.org\/{rel}","templated":true}]}}