{"id":130,"date":"2012-11-24T11:36:30","date_gmt":"2012-11-24T09:36:30","guid":{"rendered":"http:\/\/www.ostsee-ferien-rerik.de\/?page_id=130"},"modified":"2023-01-11T17:36:05","modified_gmt":"2023-01-11T15:36:05","slug":"komfortable-ferienwohnung-2","status":"publish","type":"page","link":"http:\/\/www.ostsee-ferien-rerik.de\/","title":{"rendered":"FERIENWOHNUNG AM MEER"},"content":{"rendered":"<h4><span style=\"color: #333333;\">ANKOMMEN &#8211; VERWEILEN &#8211; WOHLF\u00dcHLEN &#8211; ERHOLEN<\/span><span style=\"color: #000000;\"><span style=\"color: #000000;\"><\/span><\/span><\/h4>\n<p><span style=\"color: #333333;\">Die komfortable Ferienwohnung liegt im <strong>Parterre<\/strong>. Drei <\/span><span style=\"color: #333333;\">freundlich und geschmackvoll eingerichtete Zimmer<\/span><span style=\"color: #333333;\">\u00a0laden zum Wohlf\u00fchlen ein.<\/span><\/p>\n<p>Das\u00a0<strong>Wohnzimmer<\/strong> mit gem\u00fctlicher Sitzecke l\u00e4dt zum gemeinsamen Spielen, Lesen,\u00a0 Musik h\u00f6ren, Filme gucken (TV-Ger\u00e4t mit SAT-Anschluss, DVD-Player) und Entspannen ein.<\/p>\n<p><img decoding=\"async\" loading=\"lazy\" src=\"http:\/\/www.ostsee-ferien-rerik.de\/wp-content\/uploads\/201802-Rerik-neuer-Boden-Wohnbereich3.jpg\" alt=\"\" width=\"5202\" height=\"2864\" \/><\/p>\n<p>\u00a0<\/p>\n<p><span style=\"color: #333333;\">\u00a0 der gem\u00fctliche Wohnbereich<\/span><\/p>\n<p>Die\u00a0<strong>komplett ausgestattete K\u00fcche\u00a0<\/strong>&#8211; leckeres Fr\u00fchst\u00fcck oder ein bek\u00f6mmliches Abendessen sind hier unkompliziert zubereitet.\u00a0<\/p>\n<p><a href=\"http:\/\/www.ostsee-ferien-rerik.de\/wp-content\/uploads\/DSCI0433.jpg\"><img decoding=\"async\" loading=\"lazy\" src=\"http:\/\/www.ostsee-ferien-rerik.de\/wp-content\/uploads\/DSCI0433-300x225.jpg\" alt=\"K\u00fcchenzeile\" width=\"300\" height=\"225\" \/><\/a><span style=\"color: #333333;\">\u00a0 K\u00fcchenzeile<\/span><\/p>\n<p><strong>2 separate Schlafzimmer <\/strong>&#8211; das Eine mit einem komfortablen Doppelbett (180&#215;200), das Andere mit zwei gem\u00fctlichen Einzelbetten (90&#215;180). Hier ist f\u00fcr erholsamen Schlaf gesorgt.\u00a0<\/p>\n<p><img decoding=\"async\" loading=\"lazy\" src=\"http:\/\/www.ostsee-ferien-rerik.de\/wp-content\/uploads\/201802-Rerik-neuer-Boden-Elternschlafzimmer1.jpg\" alt=\"\" width=\"4778\" height=\"2956\" \/><\/p>\n<p>Schlafzimmer 1<\/p>\n<p><img decoding=\"async\" loading=\"lazy\" src=\"http:\/\/www.ostsee-ferien-rerik.de\/wp-content\/uploads\/201802-Rerik-neuer-Boden-Kinderzimmer1.jpg\" alt=\"\" width=\"4839\" height=\"2970\" \/><\/p>\n<p>Schlafzimmer 2<\/p>\n<p>In der Runddusche des <strong>ger\u00e4umigen Bades <\/strong>k\u00f6nnen die Sand- und Salzreste vom Strandtag fortgesp\u00fclt werden. Ein gro\u00dfes Waschbecken mit viel Ablagefl\u00e4che, ein gro\u00dfer Spiegel, ein WC, ein praktischer Handtuchhalter und ein F\u00f6n stehen zur Verf\u00fcgung.\u00a0<\/p>\n<p><a href=\"http:\/\/www.ostsee-ferien-rerik.de\/?attachment_id=368\" rel=\"attachment wp-att-368\"><img decoding=\"async\" loading=\"lazy\" title=\"Badezimmer\" src=\"http:\/\/www.ostsee-ferien-rerik.de\/wp-content\/uploads\/a-Bad-1-300x225.jpg\" alt=\"\" width=\"300\" height=\"225\" \/><\/a>\u00a0 Badezimmer<\/p>\n<p><a href=\"http:\/\/www.ostsee-ferien-rerik.de\/wp-content\/uploads\/2014Wohnungsgrundriss-Rerik.jpg\"><img decoding=\"async\" loading=\"lazy\" src=\"http:\/\/www.ostsee-ferien-rerik.de\/wp-content\/uploads\/2014Wohnungsgrundriss-Rerik-300x225.jpg\" alt=\"Wohnungsgrundriss\" width=\"300\" height=\"225\" \/><\/a><strong>\u00a0<\/strong>Wohnungsgrundriss<\/p>\n<p>In dem <strong>eigenen kleinen Garten <\/strong>mit <strong>S\u00dcD-WEST Ausrichtung <\/strong>k\u00f6nnen Ihre Kinder gesch\u00fctzt spielen, w\u00e4hrend Sie auf der dazugeh\u00f6rigen <strong>Terrasse<\/strong>\u00a0die Seele baumeln lassen.<\/p>\n<p><a href=\"http:\/\/www.ostsee-ferien-rerik.de\/wp-content\/uploads\/Garten.jpg\"><img decoding=\"async\" loading=\"lazy\" src=\"http:\/\/www.ostsee-ferien-rerik.de\/wp-content\/uploads\/Garten-300x168.jpg\" alt=\"Garten\" width=\"300\" height=\"168\" \/><\/a><\/p>\n<p>\u00a0<\/p>\n<p>\u00a0<\/p>\n<p>\u00a0<\/p>\n<p>\u00a0<\/p>\n<p>\u00a0<\/p>\n<ul>\n<li><strong>Kinderhochstuhl<\/strong> und <strong>Reisekinderbett<\/strong> k\u00f6nnen kostenlos bereitgestellt werden.<\/li>\n<li>Da die Wohnung im Erdgeschoss liegt, ist sie hervorragend f\u00fcr <strong>Senioren geeignet<\/strong>.<\/li>\n<li>Die Wohnung ist eine <strong>Nichtraucherwohnung.<\/strong><\/li>\n<li>Die Ferienwohnung kann von bis zu <strong>4 Erwachsenen + 1 Kleinkind<\/strong> unter 2 Jahren bewohnt werden.<\/li>\n<\/ul>\n<h2>\u00a0<\/h2>\n","protected":false},"excerpt":{"rendered":"<p>ANKOMMEN &#8211; VERWEILEN &#8211; WOHLF\u00dcHLEN &#8211; ERHOLEN Die komfortable Ferienwohnung liegt im Parterre. Drei freundlich und geschmackvoll eingerichtete Zimmer\u00a0laden zum Wohlf\u00fchlen ein. Das\u00a0Wohnzimmer mit gem\u00fctlicher Sitzecke l\u00e4dt zum gemeinsamen Spielen, Lesen,\u00a0 Musik h\u00f6ren, Filme gucken (TV-Ger\u00e4t mit SAT-Anschluss, DVD-Player) und Entspannen ein. \u00a0 \u00a0 der gem\u00fctliche Wohnbereich Die\u00a0komplett ausgestattete K\u00fcche\u00a0&#8211; leckeres Fr\u00fchst\u00fcck oder ein bek\u00f6mmliches [&hellip;]<\/p>\n","protected":false},"author":1,"featured_media":0,"parent":0,"menu_order":0,"comment_status":"closed","ping_status":"closed","template":"","meta":{"footnotes":""},"_links":{"self":[{"href":"http:\/\/www.ostsee-ferien-rerik.de\/index.php?rest_route=\/wp\/v2\/pages\/130"}],"collection":[{"href":"http:\/\/www.ostsee-ferien-rerik.de\/index.php?rest_route=\/wp\/v2\/pages"}],"about":[{"href":"http:\/\/www.ostsee-ferien-rerik.de\/index.php?rest_route=\/wp\/v2\/types\/page"}],"author":[{"embeddable":true,"href":"http:\/\/www.ostsee-ferien-rerik.de\/index.php?rest_route=\/wp\/v2\/users\/1"}],"replies":[{"embeddable":true,"href":"http:\/\/www.ostsee-ferien-rerik.de\/index.php?rest_route=%2Fwp%2Fv2%2Fcomments&post=130"}],"version-history":[{"count":92,"href":"http:\/\/www.ostsee-ferien-rerik.de\/index.php?rest_route=\/wp\/v2\/pages\/130\/revisions"}],"predecessor-version":[{"id":688,"href":"http:\/\/www.ostsee-ferien-rerik.de\/index.php?rest_route=\/wp\/v2\/pages\/130\/revisions\/688"}],"wp:attachment":[{"href":"http:\/\/www.ostsee-ferien-rerik.de\/index.php?rest_route=%2Fwp%2Fv2%2Fmedia&parent=130"}],"curies":[{"name":"wp","href":"https:\/\/api.w.org\/{rel}","templated":true}]}}